{"id":84,"date":"2014-04-28T20:31:25","date_gmt":"2014-04-28T19:31:25","guid":{"rendered":"http:\/\/www.acbedoulen.fr\/wp\/?page_id=84"},"modified":"2020-04-26T21:39:41","modified_gmt":"2020-04-26T20:39:41","slug":"rando-vtt-la-provencale","status":"publish","type":"page","link":"http:\/\/www.acbedoulen.fr\/wp\/?page_id=84","title":{"rendered":"Rando VTT \u00abLa Proven\u00e7ale\u00bb"},"content":{"rendered":"\n<h1 class=\"has-text-align-center paragraph_style_5 wp-block-heading\"><s><span style=\"color: #f88101;\">Dimanche 17 mai 2020<\/span><\/s><\/h1>\n\n\n\n<blockquote class=\"wp-block-quote is-style-large is-layout-flow wp-block-quote-is-layout-flow\"><p><strong>Bien \u00e9videment et \u00e0 notre plus grand regret, la rando VTT annuelle de l&rsquo;A.C.B. ne pourra pas avoir lieu cette ann\u00e9e \u2639\ufe0f<\/strong><\/p><\/blockquote>\n\n\n\n<p><br><br><br><br><br><br><br><br><\/p>\n\n\n\n<p class=\"paragraph_style_5\">L\u2019Avenir Cycliste B\u00e9doulen a le plaisir de vous annoncer la 22e \u00e9dition de la randonn\u00e9e VTT \u00ab\u00a0La Proven\u00e7ale\u00a0\u00bb \u00e0 laquelle tout le monde peut participer&nbsp;!<\/p>\n\n\n\n<p>Voici une bonne occasion de passer un dimanche en famille, entre amis, en club ou m\u00eame en solitaire. Chacun pourra trouver son bonheur sur les magnifiques circuits.<\/p>\n\n\n\n<p class=\"paragraph_style_5\"><a href=\"http:\/\/acbedoulen.free.fr\/2020\/22eRando\/Affiche.pdf\" target=\"_blank\" rel=\"noopener noreferrer\">Brochure \u00e0 t\u00e9l\u00e9charger (PDF)<\/a><\/p>\n\n\n\n<blockquote><h1 class=\"paragraph_style_5\" style=\"color: #424242; text-align: center;\"><span style=\"color: #ff0000;\"><strong>Inscriptions sur place possibles*<\/strong><\/span><\/h1><\/blockquote>\n\n\n\n<h2 class=\"has-text-align-center paragraph_style_5 wp-block-heading\">De nouveaux parcours<\/h2>\n\n\n\n<figure class=\"wp-block-table is-style-stripes\"><table class=\"\"><tbody><tr><td><img loading=\"lazy\" decoding=\"async\" width=\"400\" height=\"568\" class=\"wp-image-1024\" src=\"http:\/\/www.acbedoulen.fr\/wp\/wp-content\/uploads\/2020\/03\/DSCF4406.jpg\" alt=\"\" style=\"width: 400px;\" srcset=\"http:\/\/www.acbedoulen.fr\/wp\/wp-content\/uploads\/2020\/03\/DSCF4406.jpg 1330w, http:\/\/www.acbedoulen.fr\/wp\/wp-content\/uploads\/2020\/03\/DSCF4406-211x300.jpg 211w, http:\/\/www.acbedoulen.fr\/wp\/wp-content\/uploads\/2020\/03\/DSCF4406-721x1024.jpg 721w, http:\/\/www.acbedoulen.fr\/wp\/wp-content\/uploads\/2020\/03\/DSCF4406-768x1091.jpg 768w, http:\/\/www.acbedoulen.fr\/wp\/wp-content\/uploads\/2020\/03\/DSCF4406-1081x1536.jpg 1081w\" sizes=\"auto, (max-width: 400px) 100vw, 400px\" \/><\/td><td class=\"has-text-align-left\" data-align=\"left\">Des parcours vari\u00e9s et vallonn\u00e9s sur pistes et sentiers. Les parcours offrent de superbes vues sur les Massifs de la Saint Baume du Garlaban, les collines de Pagnol.&nbsp;70% des sentiers sont monotraces.<\/td><td><img loading=\"lazy\" decoding=\"async\" width=\"400\" height=\"532\" class=\"wp-image-1022\" src=\"http:\/\/www.acbedoulen.fr\/wp\/wp-content\/uploads\/2020\/03\/DSC01957.jpg\" alt=\"\" style=\"width: 400px;\" srcset=\"http:\/\/www.acbedoulen.fr\/wp\/wp-content\/uploads\/2020\/03\/DSC01957.jpg 1420w, http:\/\/www.acbedoulen.fr\/wp\/wp-content\/uploads\/2020\/03\/DSC01957-225x300.jpg 225w, http:\/\/www.acbedoulen.fr\/wp\/wp-content\/uploads\/2020\/03\/DSC01957-769x1024.jpg 769w, http:\/\/www.acbedoulen.fr\/wp\/wp-content\/uploads\/2020\/03\/DSC01957-768x1022.jpg 768w, http:\/\/www.acbedoulen.fr\/wp\/wp-content\/uploads\/2020\/03\/DSC01957-1154x1536.jpg 1154w\" sizes=\"auto, (max-width: 400px) 100vw, 400px\" \/><\/td><\/tr><\/tbody><\/table><\/figure>\n\n\n\n<ul class=\"wp-block-list\"><li><strong>Parcours \u00ab famille \/ d\u00e9butants \u00bb<\/strong><br><strong>10 Km.<\/strong> D\u00e9nivel\u00e9 positif: 200 m <a href=\"http:\/\/acbedoulen.free.fr\/2020\/22eRando\/Profil_10km.pdf\" target=\"_blank\" rel=\"noopener noreferrer\">(PDF)<\/a>.<br>D\u00e9part libre entre 8h et&nbsp;10h.<\/li><li><strong>Parcours \u00ab d\u00e9couverte \u00bb<\/strong>, pour tous, peu technique<br><strong>20 Km.<\/strong> D\u00e9nivel\u00e9 positif: 400 m <a href=\"http:\/\/acbedoulen.free.fr\/2020\/22eRando\/Profil_20km.pdf\" target=\"_blank\" rel=\"noopener noreferrer\">(PDF)<\/a>.<br>D\u00e9part libre entre 8h et 10h.<\/li><li><strong>Parcours \u00ab ma\u00eetrise \u00bb<\/strong>, avec des passage techniques<br><strong>25 Km.<\/strong> D\u00e9nivel\u00e9 positif: 600 m <a href=\"http:\/\/acbedoulen.free.fr\/2020\/22eRando\/Profil_25km.pdf\" target=\"_blank\" rel=\"noopener noreferrer\">(PDF)<\/a>.<br>D\u00e9part libre entre 8h et 10h.<\/li><li><strong>Parcours \u00ab confirm\u00e9 \u00bb<\/strong>, physique avec des passages techniques, r\u00e9serv\u00e9 aux v\u00e9t\u00e9tistes entra\u00een\u00e9s.<br><strong>35 Km.<\/strong> D\u00e9nivel\u00e9 positif: 800 m <a href=\"http:\/\/acbedoulen.free.fr\/2020\/22eRando\/Profil_35km.pdf\" target=\"_blank\" rel=\"noopener noreferrer\">(PDF)<\/a>.<br>D\u00e9part libre entre 7h30 et 9h.<\/li><li><strong>Parcours \u00ab expert \u00bb<\/strong>, physique, avec de nombreux passages techniques, r\u00e9serv\u00e9 aux <span style=\"text-decoration: underline;\">v\u00e9t\u00e9tistes aguerris et majeurs<\/span><br><strong>45 Km. <\/strong>D\u00e9nivel\u00e9 positif: 1100 m&nbsp;<a href=\"http:\/\/acbedoulen.free.fr\/2020\/22eRando\/Profil_45km.pdf\" target=\"_blank\" rel=\"noopener noreferrer\">(PDF)<\/a>.<br>D\u00e9part libre entre 7h30 et 9h.<\/li><\/ul>\n\n\n\n<h3 class=\"paragraph_style_5 wp-block-heading\"><strong><span style=\"color: #ff6600;\">Pasta party offerte&nbsp;\u00e0 tous les participants<\/span><\/strong><\/h3>\n\n\n\n<p class=\"paragraph_style_5\"><span style=\"color: #ff6600;\"><strong>sauces pr\u00e9par\u00e9es sur place par nos \u00ab\u00a0chefs\u00a0\u00bb<\/strong><\/span><\/p>\n\n\n\n<h4 class=\"wp-block-heading\"><strong>Une tombola bien garnie:<\/strong><\/h4>\n\n\n\n<p>Tablette Num\u00e9rique, Smartphone, Google home, Enceinte Bluetooth, Casque 3D, Montre, Bracelet connect\u00e9, Valise, Barbecue, \u2026<\/p>\n\n\n\n<p><strong>Ravitaillements sur tous les parcours<\/strong><br>fruits secs, fruits frais,&nbsp;g\u00e2teaux, fromage, saucisson,&nbsp;jambon, eau, sirop, jus de fruits, sodas&#8230;<\/p>\n\n\n\n<h3 class=\"wp-block-heading\"><span style=\"color: #ff6600;\"><strong>Parking &#8211; Douches &#8211; Aire de lavage<\/strong><\/span><\/h3>\n\n\n\n<div class=\"wp-block-image\"><figure class=\"aligncenter\"><a href=\"http:\/\/acbedoulen.free.fr\/2017\/19eRando\/plan%20Parking.pdf\" target=\"_blank\" rel=\"noopener noreferrer\"><img loading=\"lazy\" decoding=\"async\" width=\"150\" height=\"150\" src=\"http:\/\/www.acbedoulen.fr\/wp\/wp-content\/uploads\/2017\/04\/plan-Parking-150x150.jpg\" alt=\"\" class=\"wp-image-757\"\/><\/a><\/figure><\/div>\n\n\n\n<p><b>Accueil<\/b>&nbsp;: d\u00e8s 7h, au Complexe sportif &#8211; av Dr Michelangeli &#8211; 13830 Roquefort la B\u00e9doule,&nbsp;\u00e0&nbsp;15 Km de&nbsp;Marseille, 30 Km d&rsquo;Aix en Provence, 35 Km de Toulon.<\/p>\n\n\n\n<p>Port du <strong>casque obligatoire<\/strong>.<br>Autorisation parentale obligatoire pour les <strong>moins de 18 ans<\/strong>.<br><strong>Il n\u2019est pas demand\u00e9 de certificat m\u00e9dical<\/strong>.<\/p>\n\n\n\n<h4 class=\"has-luminous-vivid-orange-color has-text-color paragraph_style_5 wp-block-heading\"><a href=\"http:\/\/www.acbedoulen.fr\/wp\/wp-admin\/post.php?post=84&amp;action=edit\" target=\"_blank\" rel=\"noreferrer noopener\" aria-label=\" (opens in a new tab)\">Inscriptions<\/a>\u00a0avant le 15 mai.<\/h4>\n\n\n\n<ul class=\"wp-block-list\"><li>Moins de 16 ans: gratuit<\/li><li>16 ans et plus, licenci\u00e9 FFC: 9 \u20ac<\/li><li>Autre f\u00e9d\u00e9ration et non licenci\u00e9s: 10 \u20ac<\/li><li>* Inscription le jour m\u00eame: majoration de 3 \u20ac<\/li><li><strong>Nouveau: <a href=\"http:\/\/www.acbedoulen.fr\/wp\/wp-admin\/post.php?post=84&amp;action=edit\" target=\"_blank\" rel=\"noreferrer noopener\" aria-label=\" (opens in a new tab)\">inscriptions en ligne<\/a><\/strong><\/li><li><a rel=\"noopener noreferrer\" href=\"http:\/\/acbedoulen.free.fr\/2020\/22eRando\/Bulletin_inscription.pdf\" target=\"_blank\">Bulletin d&rsquo;inscription (PDF)<\/a><\/li><\/ul>\n\n\n\n<h4 class=\"wp-block-heading\">Contact<\/h4>\n\n\n\n<p>Avenir Cycliste B\u00e9doulen, Chemin du Stade, 13830 Roquefort la B\u00e9doule<br>T\u00e9l\u00e9phone:&nbsp;<strong>06&nbsp;08 06 77 24<\/strong> ou <strong>06 08 32 76 45<\/strong><\/p>\n\n\n\n<h4 class=\"wp-block-heading\">Pour nous rejoindre:<\/h4>\n\n\n\n<ul class=\"wp-block-list\"><li>Depuis Aix en Provence, 30 Km: prendre l\u2019A52,&nbsp;puis l\u2019A50 direction Toulon, sortie n\u00ba7 \/ Roquefort la B\u00e9doule.<\/li><li>Depuis Marseille, 15 Km: prendre l\u2019A50,&nbsp;direction Toulon, sortie n\u00ba7 \/ Roquefort la B\u00e9doule.<\/li><li>Depuis Toulon, 35 Km: prendre l\u2019A50,&nbsp;direction Marseille, sortie n\u00ba7 \/ Roquefort la B\u00e9doule.<\/li><\/ul>\n\n\n\n<h2 class=\"wp-block-heading\">&nbsp;<\/h2>\n\n\n\n<h2 class=\"wp-block-heading\">R\u00e8glement&nbsp;de la 22e \u00e9dition de la&nbsp;\u00ab&nbsp;Randonn\u00e9e La Proven\u00e7ale&nbsp;\u00bb<\/h2>\n\n\n\n<div class=\"column\">\n<div class=\"page\" title=\"Page 1\">\n<div class=\"layoutArea\">\n<div class=\"column\">\n<h4>1 &#8211; D\u00e9finition de l\u2019\u00e9preuve<\/h4>\n<p>L\u2019Avenir Cycliste B\u00e9doulen organise, sous l\u2019\u00e9gide du Comit\u00e9 R\u00e9gional Provence de la F\u00e9d\u00e9ration Fran\u00e7aise de Cyclisme, une \u00e9preuve <strong>non chronom\u00e9tr\u00e9e<\/strong> d\u00e9nomm\u00e9e \u00ab Randonn\u00e9e La Proven\u00e7ale \u00bb. Cette \u00e9preuve prend la forme d\u2019une randonn\u00e9e V\u00e9lo Tout Terrain.<\/p>\n<h4>2 &#8211; Parcours<\/h4>\n<p>Cette randonn\u00e9e emprunte des parcours techniques et physiques.<\/p>\n<h4>3 &#8211; Participation<\/h4>\n<ul>\n<li>Parcours \u00ab famille \u00bb 10 Km ouvert \u00e0 partir de 8 ans.<\/li>\n<li>Parcours \u00ab d\u00e9couverte \u00bb 20 Km ouvert \u00e0 partir de 10 ans.<\/li>\n<li>Parcours \u00ab maitrise&nbsp;\u00bb 25 Km ouvert \u00e0 partir de 12 ans.<\/li>\n<li>Parcours \u00ab confirm\u00e9 \u00bb 35 Km ouvert \u00e0 partir de 16 ans.<\/li>\n<li>Parcours \u00ab expert \u00bb 45 Km r\u00e9serv\u00e9 aux personnes majeures.<\/li>\n<\/ul>\n<p>Les enfants de moins de 16 ans devront imp\u00e9rativement \u00eatre accompagn\u00e9s par une personne majeure. Les parcours pourront \u00eatre modifi\u00e9s par les organisateurs pour des raisons de s\u00e9curit\u00e9 ou de force majeure.<\/p>\n<p>Les participants s\u2019engagent \u00e0 NE PAS EMPRUNTER les parcours de la 22e Randonn\u00e9e VTT La Proven\u00e7ale, organis\u00e9e par l\u2019ACB, le reste de l\u2019ann\u00e9e. Les autorisations de passage ne sont accord\u00e9es que pour la journ\u00e9e du 17 mai 2020.<\/p>\n<h4>4 &#8211; S\u00e9curit\u00e9<\/h4>\n<p>Le port du casque rigide avec sangle jugulaire ferm\u00e9e est obligatoire.<br>Les participants sont responsables de l\u2019\u00e9tat de leur \u00e9quipement.<br>Les \u00e9quipements utilis\u00e9s, par les participants, devront respecter les normes de s\u00e9curit\u00e9 en vigueur.<\/p>\n<p>Tous les participants devront :<\/p>\n<ul>\n<li>Respecter la faune et la flore.<\/li>\n<li>Respecter et laisser la priorit\u00e9 aux autres utilisateurs des parcours (cavaliers, randonneurs, promeneurs &#8230;)<\/li>\n<li>Respecter le code de la route.<\/li>\n<li>Respecter les trac\u00e9s et ne pas sortir des parcours balis\u00e9s.<\/li>\n<li>Ne rien laisser derri\u00e8re eux (papier, chambre \u00e0 air, berlingot &#8230;)<\/li>\n<li>Signaler aux membres de l\u2019organisation post\u00e9s sur le parcours les accidents, survenus \u00e0 eux-m\u00eames ou \u00e0 d&rsquo;autres.<\/li>\n<\/ul>\n<p><strong>Tout concurrent abandonnant l\u2019\u00e9preuve est tenu d\u2019avertir les organisateurs.<\/strong><br>Les organisateurs d\u00e9clinent toute responsabilit\u00e9 en cas de vol ou d\u00e9gradation du mat\u00e9riel des participants.<\/p>\n<h4>5 &#8211; Pi\u00e8ces \u00e0 fournir<\/h4>\n<p>Les mineurs devront joindre au bulletin d\u2019inscription, une autorisation parentale.<br>Chaque participant devra attester \u00eatre en possession d\u2019un certificat m\u00e9dical, post\u00e9rieur au 18 mai 2019, de non contre-indication \u00e0 la pratique de V\u00e9lo Tout-Terrain ou d\u2019une licence sportive en cours de validit\u00e9 avec option certificat m\u00e9dical.<br>Chaque participant devra certifier \u00eatre en possession d\u2019une assurance personnelle couvrant:<\/p>\n<ul>\n<li>Les dommages mat\u00e9riels \u00e0 une tierce personne,<\/li>\n<li>Les dommages corporels \u00e0 une tierce personne,<\/li>\n<li>ses dommages mat\u00e9riels,<\/li>\n<li>ses dommages corporels.<\/li>\n<\/ul>\n<div class=\"page\" title=\"Page 2\">\n<div class=\"layoutArea\">\n<div class=\"column\">\n<h4>6 &#8211; Prestations<\/h4>\n<p>Ravitaillements et&nbsp;collation \u00e0 l\u2019arriv\u00e9e.<\/p>\n<h4>7 &#8211; Engagements et tarifs<\/h4>\n<p>Se reporter au bulletin d\u2019inscription.<\/p>\n<h4>8 &#8211; D\u00e9part et arriv\u00e9e<\/h4>\n<p>Complexe Sportif de Roquefort la B\u00e9doule.<\/p>\n<p>D\u00e9part libre.<\/p>\n<ul>\n<li>7h30 &#8211; 9h00 pour les 45 et 35 km.<\/li>\n<li>8h00 &#8211; 10h00 pour les 25, 20 et 10 km.<\/li>\n<\/ul>\n<h4>9 &#8211; Remboursement<\/h4>\n<p>L\u2019inscription est d\u00e9finitive, aucun remboursement ne sera possible.<br>Les frais d\u2019engagement ne seront rembours\u00e9s qu\u2019en cas d\u2019annulation de l\u2019\u00e9preuve.<\/p>\n<h4>10 \u2013 Droit \u00e0 l\u2019image<\/h4>\n<p>Les participants autorisent les organisateurs ainsi que leurs ayant droits, tels que partenaires et m\u00e9dias, \u00e0 utiliser les images fixes et audiovisuelles sur lesquelles ils pourraient appara\u00eetre. Images r\u00e9alis\u00e9es dans le cadre de cette manifestation.<\/p>\n<h4>11 \u2013 R\u00e9compenses et Tombola<\/h4>\n<p>Les r\u00e9compenses seront remises \u00e0 12h30.<\/p>\n<p>Le tirage de la tombola sera effectu\u00e9 durant l\u2019\u00e9preuve, un ticket, rendu unique par un rep\u00e8re de couleur et d\u2019un num\u00e9ro, sera remis \u00e0 chacun lors de son inscription. Seules les inscriptions payantes, donnent droit \u00e0 la tombola. Pour retirer son lot, il faudra donner le ticket gagnant.<\/p>\n<h4>12 \u2013 Responsabilit\u00e9s<\/h4>\n<p>Cette \u00e9preuve est couverte par une assurance sp\u00e9cifique.<br>L\u2019organisation d\u00e9cline toute responsabilit\u00e9 en cas de perte, d\u00e9t\u00e9rioration, vol de mat\u00e9riel ou d\u2019\u00e9quipements individuels.<\/p>\n<h4>13 &#8211; Modifications<\/h4>\n<p>Les organisateurs se r\u00e9servent le droit de modifier le r\u00e8glement pour des raisons de s\u00e9curit\u00e9 ou de force majeure.<\/p>\n<h4>14 &#8211; Validit\u00e9 du r\u00e8glement<\/h4>\n<p>Le pr\u00e9sent r\u00e8glement est consid\u00e9r\u00e9 comme accept\u00e9, par chaque participant, d\u00e8s son inscription.<\/p>\n<h4>15 \u2013 Limites horaires<\/h4>\n<p>Une barri\u00e8re horaire sera mise en place, r\u00e9duisant les parcours. Le \u00ab Plateau de Font blanche \u00bb, sera ferm\u00e9e \u00e0 11h30.<\/p>\n<\/div>\n<\/div>\n<\/div>\n<\/div>\n<\/div>\n<\/div>\n<\/div>\n","protected":false},"excerpt":{"rendered":"<p>La randonn\u00e9e VTT organis\u00e9e par l\u2019ACB est de retour le Dimanche 30 avril avec 4 nouveaux parcours&#8230;<\/p>\n","protected":false},"author":1,"featured_media":636,"parent":0,"menu_order":2,"comment_status":"closed","ping_status":"open","template":"","meta":{"footnotes":""},"class_list":["post-84","page","type-page","status-publish","has-post-thumbnail","hentry"],"_links":{"self":[{"href":"http:\/\/www.acbedoulen.fr\/wp\/index.php?rest_route=\/wp\/v2\/pages\/84","targetHints":{"allow":["GET"]}}],"collection":[{"href":"http:\/\/www.acbedoulen.fr\/wp\/index.php?rest_route=\/wp\/v2\/pages"}],"about":[{"href":"http:\/\/www.acbedoulen.fr\/wp\/index.php?rest_route=\/wp\/v2\/types\/page"}],"author":[{"embeddable":true,"href":"http:\/\/www.acbedoulen.fr\/wp\/index.php?rest_route=\/wp\/v2\/users\/1"}],"replies":[{"embeddable":true,"href":"http:\/\/www.acbedoulen.fr\/wp\/index.php?rest_route=%2Fwp%2Fv2%2Fcomments&post=84"}],"version-history":[{"count":107,"href":"http:\/\/www.acbedoulen.fr\/wp\/index.php?rest_route=\/wp\/v2\/pages\/84\/revisions"}],"predecessor-version":[{"id":9439,"href":"http:\/\/www.acbedoulen.fr\/wp\/index.php?rest_route=\/wp\/v2\/pages\/84\/revisions\/9439"}],"wp:featuredmedia":[{"embeddable":true,"href":"http:\/\/www.acbedoulen.fr\/wp\/index.php?rest_route=\/wp\/v2\/media\/636"}],"wp:attachment":[{"href":"http:\/\/www.acbedoulen.fr\/wp\/index.php?rest_route=%2Fwp%2Fv2%2Fmedia&parent=84"}],"curies":[{"name":"wp","href":"https:\/\/api.w.org\/{rel}","templated":true}]}}