{"id":526,"date":"2015-12-03T22:20:01","date_gmt":"2015-12-03T21:20:01","guid":{"rendered":"http:\/\/www.acbedoulen.fr\/wp\/?page_id=526"},"modified":"2015-12-15T13:23:02","modified_gmt":"2015-12-15T12:23:02","slug":"presentation","status":"publish","type":"page","link":"http:\/\/www.acbedoulen.fr\/wp\/?page_id=526","title":{"rendered":"Qui sommes-nous ?"},"content":{"rendered":"<div id=\"id3\" class=\"style_SkipStroke_2 shape-with-text\">\n<div class=\"text-content style_External_423_287\">\n<div class=\"style_1\">\n<p class=\"paragraph_style_2\">Le club propose aux enfants de 8 \u00e0 16 ans de rouler \u00e0 VTT dans les collines, par groupes de niveaux, le samedi apr\u00e8s-midi \u00e0 partir entre 13h45 et 16h30 du mois de septembre au mois de juin.<\/p>\n<p class=\"paragraph_style_2\">Les adultes roulent le dimanche, souvent en participant aux randos et \u00e9preuves VTT du coin, et le samedi matin, sur route.<\/p>\n<p class=\"paragraph_style_2\">Consultez\u00a0<a class=\"class3\" title=\"Calendrier.html\" href=\"http:\/\/www.acbedoulen.fr\/wp\/?calendar=les-prochaines-activites\">notre calendrier<\/a>\u00a0pour conna\u00eetre les points de rendez-vous.<\/p>\n<\/div>\n<\/div>\n<\/div>\n<div id=\"id4\" class=\"style_SkipStroke_2 shape-with-text\">\n<div class=\"text-content style_External_424_219\">\n<div class=\"style_1\">\n<h2 class=\"paragraph_style_1\">Nos organisations<\/h2>\n<p class=\"paragraph_style_2\">Le club organise plusieurs \u00e9v\u00e8nements chaque ann\u00e9e.<\/p>\n<ul>\n<li class=\"paragraph_style_2\">L&rsquo;ann\u00e9e commence avec <a href=\"http:\/\/www.acbedoulen.fr\/wp\/?tag=vetathlon\">notre v\u00e9t&rsquo;athlon<\/a>, manche du <a title=\"Challenge Vet\u2019athlon du Soleil\" href=\"http:\/\/www.acbedoulen.fr\/wp\/?page_id=343\">Challenge Vet\u2019athlon du Soleil<\/a><\/li>\n<li class=\"paragraph_style_2\"><a href=\"http:\/\/www.acbedoulen.fr\/wp\/?tag=la-provencale\">La Proven\u00e7ale<\/a>, randonn\u00e9e VTT aux parcours vari\u00e9s<\/li>\n<li class=\"paragraph_style_2\"><a href=\"http:\/\/www.acbedoulen.fr\/wp\/?tag=les-boucles\">Les Boucles B\u00e9doulennes<\/a>, rando cyclo-touriste autour de la commune<\/li>\n<\/ul>\n<h2 class=\"paragraph_style_2\">Historique<\/h2>\n<\/div>\n<p style=\"text-align: left;\">2015 a \u00e9t\u00e9 l\u2019ann\u00e9e de nos vingt ans d\u2019existence.\u00a0L&rsquo;Avenir Cycliste B\u00e9doulen a \u00e9t\u00e9 cr\u00e9\u00e9 en effet en octobre 1995 par quelques amis \u00e0 la demande de trois jeunes de la commune:<\/p>\n<ul>\n<li style=\"text-align: left;\">J\u00e9r\u00f4me Orgeas\u00a0qui deviendra plus tard \u2026 Monsieur le Maire et le Pr\u00e9sident d\u2019honneur de\u00a0l\u2019A.C.B.<\/li>\n<li style=\"text-align: left;\">S\u00e9bastien Balocco, qui a \u00e9t\u00e9 le deuxi\u00e8me pr\u00e9sident du Club pendant 8 ans, et qui est encore actuellement le tr\u00e9sorier.<\/li>\n<li style=\"text-align: left;\">Christophe Raber, membre encadrant du club, fils de l\u2019actuel pr\u00e9sident.<\/li>\n<\/ul>\n<p style=\"text-align: left;\">Le Pr\u00e9sident fondateur de l\u2019A.C.B. a \u00e9t\u00e9 Monsieur Claude Jauffred\u00a0(il n\u2019habite plus la commune), il \u00e9tait l\u2019ancien Pr\u00e9sident du club cycliste de l\u2019US Saint Marcel qui avait arr\u00eat\u00e9 son activit\u00e9, l\u2019A.C.B. naissait alors avec quelques cadres de cette ancienne structure, avec pour secr\u00e9taire l\u2019actuel pr\u00e9sident. En fait tout au long de ces dix neuf ann\u00e9es d\u2019existence nous nous sommes transmis le flambeau entre nous en ne changeant quelquefois que de fonctions.<\/p>\n<p style=\"text-align: left;\">Le club compte aujourd\u2019hui 77 adh\u00e9rents, dont 20 sympathisants et 57 licenci\u00e9s FFC, ainsi qu\u2019une \u00e9cole de V.T.T. avec 31 jeunes (8 \u00e0 17 ans) et un encadrement de douze personnes dipl\u00f4m\u00e9s par la F\u00e9d\u00e9ration Fran\u00e7aise de Cyclisme (1<sup>er<\/sup> et 2\u00e8 niveau \/ 10 entraineurs jeunes et 2 entraineurs club)<\/p>\n<p style=\"text-align: left;\">Depuis 1995 de nombreuses manifestations sportives ont \u00e9t\u00e9 organis\u00e9es par notre club, entre autres:<\/p>\n<ul>\n<li style=\"text-align: left;\">14 Grands Prix sur route de Roquefort la B\u00e9doule dont 9 \u00e9ditions supports du<br \/>\nChampionnat de Provence s\u00e9nior\/ 100 coureurs en moyenne.<br \/>\nCircuit de 5,650 km autour et dans la ville \u00e0 effectuer 15 ou 18 fois selon la cat\u00e9gorie<br \/>\n(Anciennes d\u00e9nominations\u00a0: r\u00e9gionaux 2 et 3 ou nationaux)<\/li>\n<li style=\"text-align: left;\">1\u00a0 finale de la Coupe de Provence de V.T.T. X-Country<\/li>\n<li style=\"text-align: left;\">2 manches de T.R.J.V. (challenge annuel F.F.C. jeunes v\u00e9t\u00e9tistes)<\/li>\n<li style=\"text-align: left;\">3 coupes V.T.T. de notre ancien sponsor Casino r\u00e9serv\u00e9es aux jeunes<\/li>\n<li style=\"text-align: left;\">3 \u00e9ditions d\u2019une Rando sur route d\u00e9nomm\u00e9e \u201cLes Boucles B\u00e9doulennes\u201d avec 3\u00a0 parcours additionnels de 30,70 et 100 km avec un d\u00e9nivel\u00e9 positif cumul\u00e9 de 2 400 m\u00e8tres.<\/li>\n<li style=\"text-align: left;\">17 randos raids V.T.T. \u201cLa Proven\u00e7ale\u201d avec 4 ou 5 parcours au choix de 15 \u00e0 50 km\/ d\u00e9nivel\u00e9 positif cumul\u00e9 de 1700 m\u00e8tres pour le parcours le plus long \/ 300 pers. en moyenne<\/li>\n<li style=\"text-align: left;\">3 Vet\u2019Athlons de Roquefort la B\u00e9doule (course \u00e0 pied de 8,8 km + course V.T.T. 17,8 Km) \/ 200 pers. pour l\u2019\u00e9dition 2014.<\/li>\n<\/ul>\n<p style=\"text-align: left;\">Un entrainement\/sortie sur route est assur\u00e9 le samedi matin par un encadrant, et ponctuellement \u00e0 la demande en semaine, au printemps en fin de journ\u00e9e. La \u2018\u2019route\u2019\u2019 constitue 10% de notre activit\u00e9.<\/p>\n<p style=\"text-align: left;\">Pour le V.T.T., les \u00ab\u00a0encadrants\u00a0\u00bb\u00a0 assurent quasiment tous les samedis apr\u00e8s midi (sauf en Juillet-Aout) des sorties -entrainements par groupes de niveau avec les enfants mais aussi avec des adultes.<\/p>\n<p style=\"text-align: left;\">Une sortie V.T.T. dite \u00ab\u00a0ext\u00e9rieure\u00a0\u00bb est pr\u00e9vue tous les 4\/5 samedis (For\u00eat de Biver,\u00a0 Cadolive &#8211; La Bouilladisse\/Sainte Victoire\/Sainte Baume\/Camargue etc\u2026), le club disposant par ailleurs de deux remorques porte-v\u00e9los.<\/p>\n<p style=\"text-align: left;\">Le dimanche matin est r\u00e9serv\u00e9 aux sorties V.T.T. adultes ou \u00e0 des participations \u00e0 des Randos organis\u00e9es par les clubs voisins.<\/p>\n<p style=\"text-align: left;\">Enfin, et comme dans toute bonne association, des soir\u00e9es, des sorties ludiques \u00e0 la journ\u00e9e ou week end d\u00e9tente\/oxyg\u00e9nation sont pr\u00e9vus en famille afin de renforcer la convivialit\u00e9 au sein du club.<\/p>\n<p style=\"text-align: left;\">Michel Raber, pr\u00e9sident de l\u2019ACB<\/p>\n<\/div>\n<\/div>\n","protected":false},"excerpt":{"rendered":"<p>Pr\u00e9sentation du club de v\u00e9lo route et tout-terrain de Roquefort &#8211; la B\u00e9doule<\/p>\n","protected":false},"author":1,"featured_media":566,"parent":0,"menu_order":0,"comment_status":"closed","ping_status":"closed","template":"","meta":{"footnotes":""},"class_list":["post-526","page","type-page","status-publish","has-post-thumbnail","hentry"],"_links":{"self":[{"href":"http:\/\/www.acbedoulen.fr\/wp\/index.php?rest_route=\/wp\/v2\/pages\/526","targetHints":{"allow":["GET"]}}],"collection":[{"href":"http:\/\/www.acbedoulen.fr\/wp\/index.php?rest_route=\/wp\/v2\/pages"}],"about":[{"href":"http:\/\/www.acbedoulen.fr\/wp\/index.php?rest_route=\/wp\/v2\/types\/page"}],"author":[{"embeddable":true,"href":"http:\/\/www.acbedoulen.fr\/wp\/index.php?rest_route=\/wp\/v2\/users\/1"}],"replies":[{"embeddable":true,"href":"http:\/\/www.acbedoulen.fr\/wp\/index.php?rest_route=%2Fwp%2Fv2%2Fcomments&post=526"}],"version-history":[{"count":17,"href":"http:\/\/www.acbedoulen.fr\/wp\/index.php?rest_route=\/wp\/v2\/pages\/526\/revisions"}],"predecessor-version":[{"id":578,"href":"http:\/\/www.acbedoulen.fr\/wp\/index.php?rest_route=\/wp\/v2\/pages\/526\/revisions\/578"}],"wp:featuredmedia":[{"embeddable":true,"href":"http:\/\/www.acbedoulen.fr\/wp\/index.php?rest_route=\/wp\/v2\/media\/566"}],"wp:attachment":[{"href":"http:\/\/www.acbedoulen.fr\/wp\/index.php?rest_route=%2Fwp%2Fv2%2Fmedia&parent=526"}],"curies":[{"name":"wp","href":"https:\/\/api.w.org\/{rel}","templated":true}]}}