{"id":355,"date":"2014-12-19T22:38:08","date_gmt":"2014-12-19T21:38:08","guid":{"rendered":"http:\/\/www.acbedoulen.fr\/wp\/?page_id=355"},"modified":"2019-02-25T13:35:25","modified_gmt":"2019-02-25T12:35:25","slug":"4e-vetathlon-de-roquefort-la-bedoule","status":"publish","type":"page","link":"http:\/\/www.acbedoulen.fr\/wp\/?page_id=355","title":{"rendered":"Vet&rsquo;athlon de Roquefort-la B\u00e9doule"},"content":{"rendered":"\n<div class=\"wp-block-columns has-2-columns is-layout-flex wp-container-core-columns-is-layout-1 wp-block-columns-is-layout-flex\">\n<div class=\"wp-block-column is-layout-flow wp-block-column-is-layout-flow\">\n<h3 class=\"wp-block-heading\" style=\"text-align:center\" id=\"mce_19\"><br><em>8e \u00e9dition<\/em><br><br>Dimanche<br>3 mars 2019<br><br>9 Km de course \u00e0 pied<br>18 Km de VTT<\/h3>\n<\/div>\n\n\n\n<div class=\"wp-block-column is-layout-flow wp-block-column-is-layout-flow\">\n<p style=\"text-align:center\" class=\"has-text-color has-background has-large-font-size has-very-light-gray-color has-vivid-red-background-color\"> Vet&rsquo;athlon annul\u00e9 \ud83d\ude41<\/p>\n\n\n\n<p style=\"text-align:center\" class=\"has-text-color has-medium-font-size has-vivid-red-color\">Nous sommes d\u00e9sol\u00e9s de devoir annuler l&rsquo;\u00e9preuve du 3 mars 2019<br><\/p>\n<\/div>\n<\/div>\n\n\n\n<h4 class=\"wp-block-heading\">Cinq cat\u00e9gories:<\/h4>\n\n\n\n<div class=\"layoutArea\">\n<div class=\"column\">\n<ul>\n<li>Duo Dame (2 dames n\u00e9es avant le 4 mars 2003): 26\u20ac<\/li>\n<li>Duo Homme&nbsp;(2 hommes n\u00e9s avant le 4 mars 2003): 26\u20ac<\/li>\n<li>Duo Mixte&nbsp;(1 homme, 1 dame n\u00e9s avant le 4 mars 2003): 26\u20ac<\/li>\n<li>Solo Dame&nbsp;(1 dame n\u00e9e avant le 4 mars 2003): 15\u20ac<\/li>\n<li>Solo Homme (1&nbsp;homme n\u00e9 avant le 4 mars 2003): 15\u20ac<\/li>\n<\/ul>\n<\/div>\n<\/div>\n\n\n\n<div class=\"layoutArea\">\n<div class=\"column\" style=\"text-align: left;\">\n<p>Sous-cat\u00e9gories pour les Solo Dame et en Solo Homme<\/p>\n<ul>\n<li>C1: n\u00e9(e) entre le 4 mars 1979 et le 3 mars 2003<\/li>\n<li>C2: n\u00e9(e) entre le 4 mars 1969 et le 3 mars 1979<\/li>\n<li>C3: n\u00e9(e) avant le 4 mars 1969<\/li>\n<\/ul>\n<hr><\/div>\n<\/div>\n\n\n\n<h4 class=\"wp-block-heading\">Inscriptions<\/h4>\n\n\n\n<p>imprimez et envoyez <a href=\"http:\/\/acbedoulen.free.fr\/2019\/8e_Vet_Athlon\/Bulletin_inscription_Vet_Athlon_Roquefort_la_Bedoule_2019.pdf\">le bulletin<\/a> \u00e0<br>   Avenir Cycliste B\u00e9doulen<br>   Chemin du Stade<br>   13830 Roquefort la B\u00e9doule<br>ou par email:&nbsp;<strong><a rel=\"noreferrer noopener\" href=\"mailto:vetathlon@acbedoulen.fr\" target=\"_blank\">vetathlon@acbedoulen.fr<\/a><\/strong><br><\/p>\n\n\n\n<hr class=\"wp-block-separator\"\/>\n\n\n\n<div class=\"wp-block-columns has-2-columns is-layout-flex wp-container-core-columns-is-layout-2 wp-block-columns-is-layout-flex\">\n<div class=\"wp-block-column is-layout-flow wp-block-column-is-layout-flow\">\n<p style=\"text-align:right\"><a href=\"http:\/\/acbedoulen.free.fr\/2019\/8e_Vet_Athlon\/Denivele_Vet_Athlon_Roquefort_la_Bedoule_2019.pdf\">Les d\u00e9nivel\u00e9s<\/a><\/p>\n<\/div>\n\n\n\n<div class=\"wp-block-column is-layout-flow wp-block-column-is-layout-flow\">\n<div class=\"wp-block-image\"><figure class=\"alignleft\"><a href=\"http:\/\/acbedoulen.free.fr\/2019\/8e_Vet_Athlon\/Denivele_Vet_Athlon_Roquefort_la_Bedoule_2019.pdf\"><img loading=\"lazy\" decoding=\"async\" width=\"150\" height=\"150\" src=\"http:\/\/www.acbedoulen.fr\/wp\/wp-content\/uploads\/2019\/01\/Denivele_Vet_Athlon_Roquefort_la_Bedoule_2019-150x150.jpg\" alt=\"\" class=\"wp-image-911\"\/><\/a><\/figure><\/div>\n\n\n\n<p><\/p>\n<\/div>\n<\/div>\n\n\n\n<hr class=\"wp-block-separator\"\/>\n\n\n\n<p class=\"has-text-color has-luminous-vivid-orange-color\"><strong>D\u00e9part de l&rsquo;avenue Michelangeli \u00e0 Roquefort-la-B\u00e9doule.<\/strong><\/p>\n\n\n\n<h5 class=\"wp-block-heading\">Pour nous rejoindre:<\/h5>\n\n\n\n<ul class=\"wp-block-list\"><li>Depuis Aix en Provence, prendre l\u2019A52,&nbsp;puis l\u2019A50 direction Toulon, sortie n\u00ba7 \/ Roquefort la B\u00e9doule.<\/li><li>Depuis Marseille, prendre l\u2019A50,&nbsp;direction Toulon, sortie n\u00ba7 \/ Roquefort la B\u00e9doule.<\/li><li>Depuis Toulon, prendre l\u2019A50,&nbsp;direction Marseille, sortie n\u00ba7 \/ Roquefort la B\u00e9doule.<\/li><\/ul>\n\n\n\n<hr class=\"wp-block-separator\"\/>\n\n\n\n<p><strong>Des questions ? Ecrivez-nous \u00e0&nbsp;<a rel=\"noopener noreferrer\" href=\"mailto:vetathlon@acbedoulen.fr\" target=\"_blank\">vetathlon@acbedoulen.fr<\/a><\/strong><br>T\u00e9l\u00e9phone:&nbsp;<strong>06 08 06 77 24<\/strong>&nbsp;&nbsp;ou &nbsp;<strong>06 08 32 76 45<\/strong>&nbsp;&nbsp;ou&nbsp;&nbsp;<strong>04 42 01 97 20<\/strong><\/p>\n\n\n\n<hr class=\"wp-block-separator\"\/>\n\n\n\n<h2 class=\"wp-block-heading\">R\u00e8glement du 8e V\u00e9t\u2019Athlon de Roquefort la B\u00e9doule<\/h2>\n\n\n\n<p>(<a href=\"http:\/\/acbedoulen.free.fr\/2019\/8e_Vet_Athlon\/Reglement_Vet_Athlon_Roquefort_la_Bedoule_2019.pdf\">t\u00e9l\u00e9chargement<\/a>)<\/p>\n\n\n\n<div class=\"page\" title=\"Page 1\">\n<div class=\"layoutArea\">\n<div class=\"column\">\n<h4>1 &#8211; D\u00e9finition de l\u2019\u00e9preuve<\/h4>\n<div class=\"page\" title=\"Page 1\">\n<div class=\"layoutArea\">\n<div class=\"column\">\n<p>L\u2019Avenir Cycliste B\u00e9doulen organise, sous l\u2019\u00e9gide du Comit\u00e9 R\u00e9gional Provence Alpes C\u00f4te d\u2019Azur de la F\u00e9d\u00e9ration Fran\u00e7aise de Cyclisme, une \u00e9preuve chronom\u00e9tr\u00e9e d\u00e9nomm\u00e9e \u00ab 8e V\u00e9t\u2019Athlon de Roquefort la B\u00e9doule \u00bb. Epreuve en deux parties, qui prend la forme d\u2019une course Tout-Terrain, la premi\u00e8re partie sera courue \u00e0 pied, la seconde en V\u00e9lo Tout-Terrain.<br>Epreuve en Solo (enchainement des deux disciplines) ou en Duo (un(e) co\u00e9quipier(e) en course \u00e0 pied et un(e) en V\u00e9lo Tout-Terrain)<\/p>\n<\/div>\n<\/div>\n<\/div>\n<h4>2 &#8211; Parcours<\/h4>\n<div class=\"page\" title=\"Page 1\">\n<div class=\"layoutArea\">\n<div class=\"column\">\n<p>Cette \u00e9preuve emprunte des parcours techniques et physiques, une boucle \u2018course \u00e0 pied\u2019 de 9km et une boucle VTT de 17km.<\/p>\n<p>Les participants s\u2019engagent \u00e0 NE PAS EMPRUNTER les parcours du 8e V\u00e9t\u2019Athlon de Roquefort la B\u00e9doule le reste del\u2019ann\u00e9e. Les autorisations de passage n\u2019\u00e9tant accord\u00e9es que pour le 3 mars 2019.<\/p>\n<\/div>\n<\/div>\n<\/div>\n<h4>3 \u2013 Cat\u00e9gorie<\/h4>\n<div class=\"page\" title=\"Page 1\">\n<div class=\"section\">\n<div class=\"layoutArea\">\n<div class=\"column\">\n<div class=\"page\" title=\"Page 1\">\n<div class=\"layoutArea\">\n<div class=\"column\">\n<p>Les concurrents seront class\u00e9s selon les cat\u00e9gories suivantes :<\/p>\n<div class=\"layoutArea\">\n<div class=\"column\">\n<ul>\n<li>Duo Dame (2 dames n\u00e9es avant le 4 mars 2003)<\/li>\n<li>Duo Homme&nbsp;(2 hommes n\u00e9s avant le 4 mars 2003)<\/li>\n<li>Duo Mixte&nbsp;(1 homme, 1 dame n\u00e9s avant le 4 mars 2003)<\/li>\n<li>Solo Dame&nbsp;(1 dame n\u00e9e avant le 4 mars 2003)<\/li>\n<li>Solo Homme (1&nbsp;homme n\u00e9 avant le 4 mars 2003)<\/li>\n<\/ul>\n<\/div>\n<\/div>\n<div class=\"layoutArea\">\n<div class=\"column\" style=\"text-align: left;\">\n<p>Sous-cat\u00e9gories pour les Solo Dame et en Solo Homme:<\/p>\n<ul>\n<li>C1: n\u00e9(e) entre le 4 mars 1979 et le 3 mars 2003<\/li>\n<li>C2: n\u00e9(e) entre le 4 mars 1969 et le 3 mars 1979<\/li>\n<li>C3: n\u00e9(e) avant le 4 mars 1969<\/li>\n<\/ul>\n<\/div>\n<\/div>\n<\/div>\n<\/div>\n<\/div>\n<\/div>\n<\/div>\n<\/div>\n<\/div>\n<h4>4 &#8211; S\u00e9curit\u00e9<\/h4>\n<div class=\"page\" title=\"Page 1\">\n<div class=\"layoutArea\">\n<div class=\"column\">\n<p>Le port du casque rigide avec sangle jugulaire ferm\u00e9e est obligatoire sur toute la dur\u00e9e du circuit VTT.<br>Les participants sont seul responsables de l\u2019\u00e9tat de leur \u00e9quipement. Les \u00e9quipements utilis\u00e9s, par les participants,devront respecter les normes de s\u00e9curit\u00e9 en vigueur.<\/p>\n<div class=\"page\" title=\"Page 2\">\n<div class=\"layoutArea\">\n<div class=\"column\">\n<p>Tous les participants devront :<br>&#8211; Respecter la faune et la flore.<br>&#8211; Respecter les trac\u00e9s et ne pas sortir des parcours balis\u00e9s.<br>&#8211; Ne rien laisser derri\u00e8re eux (papier, chambre \u00e0 air, berlingot &#8230;)<br>&#8211; Signaler aux membres de l\u2019organisation post\u00e9s sur le parcours les accidents, survenus \u00e0 eux-m\u00eames ou \u00e0 d&rsquo;autres.<\/p>\n<p>Tout concurrent abandonnant l\u2019\u00e9preuve est tenu d\u2019avertir les organisateurs.<br>Les organisateurs d\u00e9clinent toute responsabilit\u00e9 en cas de vol ou d\u00e9gradation du mat\u00e9riel des participants.<\/p>\n<\/div>\n<\/div>\n<\/div>\n<\/div>\n<\/div>\n<\/div>\n<h4>5 &#8211; Pi\u00e8ces \u00e0 fournir<\/h4>\n<div class=\"page\" title=\"Page 2\">\n<div class=\"layoutArea\">\n<div class=\"column\">\n<p>Les participants devront :<\/p>\n<ul>\n<li>Soit Pr\u00e9senter une licence sportive en cours de validit\u00e9, (licence d\u00e9livr\u00e9e avec certificat m\u00e9dical).<\/li>\n<li>Soit fournir un certificat m\u00e9dical, post\u00e9rieur au 04\/03\/2018, attestant la non contre-indication \u00e0 la pratique du sport en comp\u00e9tition.<\/li>\n<\/ul>\n<p>Le certificat m\u00e9dical ne sera pas restitu\u00e9. Pas de d\u00e9livrance de certificat m\u00e9dical sur place.<\/p>\n<\/div>\n<\/div>\n<\/div>\n<h4>6 \u2013 Assurance<\/h4>\n<div class=\"page\" title=\"Page 2\">\n<div class=\"layoutArea\">\n<div class=\"column\">\n<p>Chaque participant devra attester \u00eatre en possession d\u2019une assurance personnelle couvrant \u00e9galement les dommages corporels et mat\u00e9riels caus\u00e9s \u00e0 une tierce personne.<br>Cette \u00e9preuve est couverte par une assurance sp\u00e9cifique.<\/p>\n<\/div>\n<\/div>\n<\/div>\n<h4>7 &#8211; R\u00e9clamation<\/h4>\n<div class=\"page\" title=\"Page 2\">\n<div class=\"layoutArea\">\n<div class=\"column\">\n<p>En cas de litige, une r\u00e9clamation devra \u00eatre effectu\u00e9e, dans les 30 minutes qui suivent la fin de l\u2019\u00e9preuve, aupr\u00e8s du pr\u00e9sident de course.<\/p>\n<\/div>\n<\/div>\n<\/div>\n<h4>8 &#8211; Disqualification<\/h4>\n<div class=\"page\" title=\"Page 2\">\n<div class=\"layoutArea\">\n<div class=\"column\">\n<p>Les points suivants entra\u00eeneront la disqualification du coureur : non passage aux points de contr\u00f4le, non-respect desparcours, circulation en sens inverse, assistance d\u2019une tierce personne, comportement jug\u00e9 antisportif, jet de d\u00e9tritus, insulte \u00e0 un b\u00e9n\u00e9vole un autre concourant un spectateur, non-respect des consignes donn\u00e9es par l\u2019organisation, passage du relais en dehors de la zone pr\u00e9vue, changement de v\u00e9lo durant l\u2019\u00e9preuve, utilisation de v\u00e9lo \u00e0 assistance \u00e9lectrique, utilisation de v\u00e9lo \u00e9lectrique, utilisation de v\u00e9hicule motoris\u00e9.<\/p>\n<\/div>\n<\/div>\n<\/div>\n<h4>10 \u2013 Zone de relais&nbsp;&amp; Parc \u00e0 V\u00e9lo<\/h4>\n<div class=\"page\" title=\"Page 2\">\n<div class=\"layoutArea\">\n<div class=\"column\">\n<p>C\u2019est dans cette zone que le transfert du relais sera effectu\u00e9 entre les membres d\u2019une \u00e9quipe. Dans le parc \u00e0 v\u00e9lo lescoureurs se d\u00e9placent \u00e0 pied \u00e0 c\u00f4t\u00e9 de leur VTT.<\/p>\n<\/div>\n<\/div>\n<\/div>\n<h4>11 \u2013 Dossard<\/h4>\n<p>Les dossards doivent \u00eatre visibles sur l\u2019avant du maillot, une plaque num\u00e9rot\u00e9e est appos\u00e9e sur le guidon des VTT. Les dossards et les plaques de cadre, fournis lors des inscriptions, sont sous la responsabilit\u00e9 des participants. Ils sont \u00e0 restituer \u00e0 l\u2019arriv\u00e9e. En cas d\u2019abandon ou d\u2019accident&nbsp;; dossards et plaques de cadre sont \u00e0 rendre uniquement au lieu d\u2019inscription.<\/p>\n<h4>12 &#8211; Prestations<\/h4>\n<p>Ravitaillement &amp; collation \u00e0 l\u2019arriv\u00e9e.<\/p>\n<h4>13 &#8211; Engagements<\/h4>\n<p>Se reporter au bulletin d\u2019inscription.<\/p>\n<h4>14 &#8211; Classement<\/h4>\n<p>Le classement est \u00e9tablit par cumul du temps des deux \u00e9preuves.<\/p>\n<h4>15 \u2013 Droit \u00e0 l\u2019image<\/h4>\n<p>Les participants autorisent les organisateurs ainsi que leurs ayants droits, tels que partenaires et m\u00e9dias, \u00e0 utiliser les images fixes et audiovisuelles sur lesquelles ils pourraient appara\u00eetre. Images r\u00e9alis\u00e9es dans le cadre de cette manifestation.<\/p>\n<h4>16 &#8211; D\u00e9part et arriv\u00e9e<\/h4>\n<p>D\u00e9part group\u00e9 de la course \u00e0 pied \u00e0 9h30 du complexe sportif de Roquefort la B\u00e9doule.<\/p>\n<h4>17 &#8211; Remboursement<\/h4>\n<p>L\u2019inscription est d\u00e9finitive, aucun remboursement ne sera possible.<br>Les frais d\u2019engagement ne seront rembours\u00e9s qu\u2019en cas d\u2019annulation de l\u2019\u00e9preuve.<\/p>\n<h4>18 &#8211; R\u00e9compenses<\/h4>\n<p>Les r\u00e9compenses seront remises \u00e0 12h30.<\/p>\n<h4>19 &#8211; Modifications<\/h4>\n<p>Les organisateurs se r\u00e9servent le droit de modifier le r\u00e8glement pour des raisons de s\u00e9curit\u00e9 ou de force majeure.<\/p>\n<h4>20 &#8211; Validit\u00e9 du r\u00e8glement<\/h4>\n<p>Le pr\u00e9sent r\u00e8glement est consid\u00e9r\u00e9 comme accept\u00e9, par chaque participant, d\u00e8s son inscription.<\/p>\n<\/div>\n<\/div>\n<\/div>\n","protected":false},"excerpt":{"rendered":"<p>Dimanche 4 mars 2018<br \/>\n9 Km de course \u00e0 pied + 16,5 Km de VTT<\/p>\n","protected":false},"author":1,"featured_media":0,"parent":0,"menu_order":0,"comment_status":"closed","ping_status":"open","template":"","meta":{"footnotes":""},"class_list":["post-355","page","type-page","status-publish","hentry"],"_links":{"self":[{"href":"http:\/\/www.acbedoulen.fr\/wp\/index.php?rest_route=\/wp\/v2\/pages\/355","targetHints":{"allow":["GET"]}}],"collection":[{"href":"http:\/\/www.acbedoulen.fr\/wp\/index.php?rest_route=\/wp\/v2\/pages"}],"about":[{"href":"http:\/\/www.acbedoulen.fr\/wp\/index.php?rest_route=\/wp\/v2\/types\/page"}],"author":[{"embeddable":true,"href":"http:\/\/www.acbedoulen.fr\/wp\/index.php?rest_route=\/wp\/v2\/users\/1"}],"replies":[{"embeddable":true,"href":"http:\/\/www.acbedoulen.fr\/wp\/index.php?rest_route=%2Fwp%2Fv2%2Fcomments&post=355"}],"version-history":[{"count":96,"href":"http:\/\/www.acbedoulen.fr\/wp\/index.php?rest_route=\/wp\/v2\/pages\/355\/revisions"}],"predecessor-version":[{"id":8573,"href":"http:\/\/www.acbedoulen.fr\/wp\/index.php?rest_route=\/wp\/v2\/pages\/355\/revisions\/8573"}],"wp:attachment":[{"href":"http:\/\/www.acbedoulen.fr\/wp\/index.php?rest_route=%2Fwp%2Fv2%2Fmedia&parent=355"}],"curies":[{"name":"wp","href":"https:\/\/api.w.org\/{rel}","templated":true}]}}