{"id":343,"date":"2014-12-07T23:28:55","date_gmt":"2014-12-07T22:28:55","guid":{"rendered":"http:\/\/www.acbedoulen.fr\/wp\/?page_id=343"},"modified":"2016-12-16T15:11:35","modified_gmt":"2016-12-16T14:11:35","slug":"challenge-vetathlon-du-soleil","status":"publish","type":"page","link":"http:\/\/www.acbedoulen.fr\/wp\/?page_id=343","title":{"rendered":"Challenge Vet&rsquo;athlon du Soleil"},"content":{"rendered":"<h2>R\u00e8glement \u00ab Challenge V\u00e9t\u2019Athlon du Soleil \u00bb 2016\/2017<\/h2>\n<div>\n<div class=\"page\" title=\"Page 1\">\n<div class=\"layoutArea\">\n<div class=\"column\">\n<h4>1- D\u00e9finition<\/h4>\n<p>Le Challenge V\u00e9t\u2019athlon du Soleil 2016\/2017 comprend 2 manches\u00a0:<br \/>\nLe V\u00e9t\u2019athlon de Pierrefeu, organis\u00e9 par le Club C.S.Pierrefeu (Var), le 20 nov. 2016.<br \/>\nLe V\u00e9t\u2019athlon de Roquefort-la B\u00e9doule, organis\u00e9 par L\u2019Avenir Cycliste B\u00e9doulen (BdR), le 26 f\u00e9v.2017.<\/p>\n<h4>2- D\u00e9finition des manches<\/h4>\n<p>Epreuve en deux disciplines enchain\u00e9e (couse \u00e0 pied et VTT), qui prend la forme d\u2019une course tout-terrain.<br \/>\nEn Solo: enchainement des disciplines par le(a) m\u00eame participant(e).<br \/>\nEn Duo: un(e) co\u00e9quipier(e) en course \u00e0 pied et un(e) en V\u00e9lo Tout-Terrain.<\/p>\n<h4>3- Organisation<\/h4>\n<p>L\u2019organisateur s\u2019engage \u00e0 produire un circuit de qualit\u00e9 avec les b\u00e9n\u00e9voles n\u00e9cessaires pour assurer la s\u00e9curit\u00e9.<\/p>\n<ul>\n<li>Course \u00e0 pied\u00a0: circuit de 8 \u00e0 9 km<\/li>\n<li>V\u00e9lo Tout-Terrain\u00a0: circuit de 17 \u00e0 19 km<\/li>\n<\/ul>\n<p>Les boucles comporteront des mont\u00e9es s\u00e9lectives et des descentes techniques. Elles seront majoritairement trac\u00e9es en colline.<\/p>\n<h4>4- Cat\u00e9gorie<\/h4>\n<ul>\n<li>Duo Dame\u00a0: 2 dames n\u00e9es avant le 21\/11\/2000 (au moins 16 ans le jour de la 1ere manche)<\/li>\n<li>Duo Homme\u00a0: 2 hommes n\u00e9s avant le 21\/11\/2000 (au moins 16 ans le jour de la 1ere manche)<\/li>\n<li>Duo Mixte\u00a0: 1 dame et 1 homme n\u00e9s avant le 21\/11\/2000 (au moins 16 ans le jour de la 1ere manche)<\/li>\n<li>Solo Dame\u00a0: 1 dame n\u00e9e avant le 21\/11\/2000 (au moins 16 ans le jour de la 1ere manche)<\/li>\n<li>Solo Homme\u00a0: 1 homme n\u00e9 avant le 21\/11\/2000 (au moins 16 ans le jour de la 1ere manche)<\/li>\n<\/ul>\n<p>Pour les Solo Dame et Solo Homme 3 sous-cat\u00e9gories:<\/p>\n<ul>\n<li>C1\u00a0: 16-39ans\u00a0au 20\/11\/2016 n\u00e9(e) du 21\/11\/1976 au 20\/11\/2000<\/li>\n<li>C2\u00a0: 40-49ans\u00a0au 20\/11\/2016 n\u00e9(e) du 21\/11\/1966 au 20\/11\/1976<\/li>\n<li>C3\u00a0: 50 ans et plus au 20\/11\/2016 n\u00e9(e) avant le 21\/11\/1966<\/li>\n<\/ul>\n<h4>5- S\u00e9curit\u00e9<\/h4>\n<p>Le port du casque rigide avec sangle jugulaire ferm\u00e9e est obligatoire sur toute la dur\u00e9e de circuit VTT.<br \/>\nLes participants sont seul responsables de l\u2019\u00e9tat de leur \u00e9quipement.<br \/>\nLes \u00e9quipements utilis\u00e9s, par les participants, devront respecter les normes de s\u00e9curit\u00e9 en vigueur.<\/p>\n<p>Tous les participants devront\u00a0:<br \/>\nRespecter la faune et la flore.<br \/>\nRespecter les trac\u00e9s et ne pas sortir des parcours balis\u00e9s.<br \/>\nNe rien laisser derri\u00e8re eux.<br \/>\nSignaler aux membres de l\u2019organisation les accidents, survenus \u00e0 eux-m\u00eames ou \u00e0 d&rsquo;autres.<\/p>\n<p>Tout concurrent abandonnant l\u2019\u00e9preuve est tenu d\u2019avertir les organisateurs.<\/p>\n<p>Les organisateurs d\u00e9clinent toute responsabilit\u00e9 en cas de vol ou d\u00e9gradation du mat\u00e9riel des participants hors parc \u00e0 v\u00e9lo sous surveillance durant la course.<\/p>\n<h4>6- Pi\u00e8ces \u00e0 fournir<\/h4>\n<p>Les participants devront\u00a0soit\u00a0:<br \/>\nPr\u00e9senter une licence sportive en cours de validit\u00e9, (licence d\u00e9livr\u00e9e avec certificat m\u00e9dical).<br \/>\nFournir un certificat m\u00e9dical, attestant la non contre-indication \u00e0 la pratique du sport en comp\u00e9tition (Course \u00e0 pied et Vtt ou disciplines enchain\u00e9es). Le certificat m\u00e9dical doit dater de moins d\u2019un an au jour de l\u2019\u00e9preuve.<\/p>\n<h4>7- Assurance<\/h4>\n<p>Chaque participant devra attester \u00eatre en possession d\u2019une assurance personnelle couvrant\u00a0\u00e9galement les dommages corporels et mat\u00e9riels caus\u00e9s \u00e0 une tierce personne.<br \/>\nChaque manche du Challenge sera couverte par une assurance sp\u00e9cifique prise par le club organisateur.<\/p>\n<h4>8- R\u00e9clamation<\/h4>\n<p>Toutes r\u00e9clamations devront \u00eatre effectu\u00e9es, au plus tard 30 minutes apr\u00e8s la fin de l\u2019\u00e9preuve, aupr\u00e8s du pr\u00e9sident de course.<\/p>\n<h4>9- Disqualification<\/h4>\n<p>Les points suivants entra\u00eeneront la disqualification du coureur:<\/p>\n<ul>\n<li>non passage aux points de contr\u00f4le<\/li>\n<li>non-respect des parcours<\/li>\n<li>circulation en sens inverse<\/li>\n<li>assistance d\u2019une tierce personne<\/li>\n<li>comportement jug\u00e9 antisportif<\/li>\n<li>jet de d\u00e9tritus av\u00e9r\u00e9 hors zone de propret\u00e9<\/li>\n<li>insulte \u00e0 un b\u00e9n\u00e9vole, un arbitre, un autre concurrent, un spectateur<\/li>\n<li>non-respect des consignes donn\u00e9es par l\u2019organisation<\/li>\n<li>passage du relais en dehors de la zone pr\u00e9vue<\/li>\n<li>changement de v\u00e9lo durant l\u2019\u00e9preuve<\/li>\n<li>utilisation de v\u00e9lo \u00e0 assistance \u00e9lectrique, de v\u00e9lo \u00e9lectrique, de v\u00e9hicule motoris\u00e9.<\/li>\n<\/ul>\n<h4>10- Tarif<\/h4>\n<p>Duo: 25\u20ac<br \/>\nSolo: 14\u20ac<br \/>\nMajoration pour inscription sur place +5\u20ac pour Duo, +3\u20ac pour Solo.<\/p>\n<h4>11- Parc \u00e0 V\u00e9lo<\/h4>\n<p>Dans le parc \u00e0 v\u00e9lo les coureurs se d\u00e9placent \u00e0 pied \u00e0 c\u00f4t\u00e9 de leur VTT.<\/p>\n<h4>12- Zone de relais<\/h4>\n<p>La zone de relais est situ\u00e9e \u00e0 l\u2019entr\u00e9e du parc \u00e0 v\u00e9lo, c\u2019est dans cette zone que le transfert du relais sera effectuer entre les membres d\u2019une \u00e9quipe.<\/p>\n<h4>13- Dossard<\/h4>\n<p>Les dossards doivent \u00eatre visibles sur l\u2019avant du maillot, une plaque num\u00e9rot\u00e9e est appos\u00e9e sur le guidon des VTT. Les dossards et les plaques de cadre, fournis lors des inscriptions, sont sous la responsabilit\u00e9 des participants. Ils sont \u00e0 restituer \u00e0 l\u2019arriv\u00e9e. En cas d\u2019abandon ou d\u2019accident\u00a0; dossards et plaques de cadre sont \u00e0 rendre uniquement au lieu d\u2019inscription<\/p>\n<h4>14- Prestations<\/h4>\n<p>Ravitaillement et collation \u00e0 l\u2019arriv\u00e9e.<\/p>\n<h4>15- Engagements<\/h4>\n<p>Se reporter aux bulletins d\u2019inscription.<\/p>\n<h4>16- Classement<\/h4>\n<p>Les duos seront compos\u00e9s par les m\u00eames comp\u00e9titeurs tout au long du Challenge.<br \/>\nChaque manche du Challenge comportera un classement ind\u00e9pendant.<br \/>\nLe temps pass\u00e9 dans le parc \u00e0 v\u00e9lo n\u2019est pas d\u00e9compt\u00e9.<br \/>\nLe classement g\u00e9n\u00e9ral du Challenge est \u00e9tablit par cumul des points acquis sur chaque manches.<br \/>\nSur chacune des\u00a0manches et suivant les cat\u00e9gories, les points seront attribu\u00e9s de la mani\u00e8re suivante\u00a0:<\/p>\n<ul>\n<li>100 points au 1er<\/li>\n<li>85 points au 2e<\/li>\n<li>75 points au 3e<\/li>\n<li>70 points au 4e<\/li>\n<li>68 points au 5e<\/li>\n<li>66 points au 6e<\/li>\n<li>64 points au 7e<\/li>\n<li>62 points au 8e<\/li>\n<li>60 points au 9e<\/li>\n<li>58 points au 10e<\/li>\n<li>57 points au 11e<\/li>\n<li>56 points au 12e<\/li>\n<li>55 points au 13e<\/li>\n<li>54 points au 14e<\/li>\n<li>53 points au 15e<\/li>\n<li>etc\u2026.<\/li>\n<\/ul>\n<p>Un bonus de 50 points sera attribu\u00e9 aux personnes ayant concourue les 2 manches du Challenge.<\/p>\n<p>En cas d\u2019\u00e9galit\u00e9, les concurrents seront d\u00e9partag\u00e9s par le nombre de places de premier, de seconds, de troisi\u00e8me\u2026 En dernier ressort, la place obtenue lors de la derni\u00e8re manche.<br \/>\nA l\u2019issue de la derni\u00e8re manche, le vainqueur de chaque cat\u00e9gorie recevra un troph\u00e9e.<\/p>\n<h4>17- Droit \u00e0 l\u2019image<\/h4>\n<p>Les participants autorisent les organisateurs ainsi que leurs ayants droits, tels que partenaires et m\u00e9dias, \u00e0 utiliser les images fixes et audiovisuelles sur lesquelles ils pourraient appara\u00eetre.<\/p>\n<h4>18- Horaires<\/h4>\n<p>D\u00e9part group\u00e9 de la course \u00e0 pied \u00e0 9h30.<\/p>\n<p>&nbsp;<\/p>\n<\/div>\n<\/div>\n<\/div>\n<\/div>\n","protected":false},"excerpt":{"rendered":"<p>cr\u00e9\u00e9 par l&rsquo;A.C.B. et Six Fours les Plages Triathlon<\/p>\n","protected":false},"author":1,"featured_media":596,"parent":0,"menu_order":0,"comment_status":"closed","ping_status":"open","template":"","meta":{"footnotes":""},"class_list":["post-343","page","type-page","status-publish","has-post-thumbnail","hentry"],"_links":{"self":[{"href":"http:\/\/www.acbedoulen.fr\/wp\/index.php?rest_route=\/wp\/v2\/pages\/343","targetHints":{"allow":["GET"]}}],"collection":[{"href":"http:\/\/www.acbedoulen.fr\/wp\/index.php?rest_route=\/wp\/v2\/pages"}],"about":[{"href":"http:\/\/www.acbedoulen.fr\/wp\/index.php?rest_route=\/wp\/v2\/types\/page"}],"author":[{"embeddable":true,"href":"http:\/\/www.acbedoulen.fr\/wp\/index.php?rest_route=\/wp\/v2\/users\/1"}],"replies":[{"embeddable":true,"href":"http:\/\/www.acbedoulen.fr\/wp\/index.php?rest_route=%2Fwp%2Fv2%2Fcomments&post=343"}],"version-history":[{"count":33,"href":"http:\/\/www.acbedoulen.fr\/wp\/index.php?rest_route=\/wp\/v2\/pages\/343\/revisions"}],"predecessor-version":[{"id":696,"href":"http:\/\/www.acbedoulen.fr\/wp\/index.php?rest_route=\/wp\/v2\/pages\/343\/revisions\/696"}],"wp:featuredmedia":[{"embeddable":true,"href":"http:\/\/www.acbedoulen.fr\/wp\/index.php?rest_route=\/wp\/v2\/media\/596"}],"wp:attachment":[{"href":"http:\/\/www.acbedoulen.fr\/wp\/index.php?rest_route=%2Fwp%2Fv2%2Fmedia&parent=343"}],"curies":[{"name":"wp","href":"https:\/\/api.w.org\/{rel}","templated":true}]}}